{"id":16887,"date":"2022-12-29T13:24:21","date_gmt":"2023-06-05T15:19:10","guid":{"rendered":"https:\/\/portaldosandaimes.com\/produto\/lite-evo-twin-bag\/"},"modified":"2023-06-05T15:19:10","modified_gmt":"2023-06-05T15:19:10","slug":"lite-evo-twin-bag","status":"publish","type":"product","link":"https:\/\/portaldosandaimes.com\/es\/producto\/lite-evo-twin-bag\/","title":{"rendered":"Lite Evo Twin Bag"},"content":{"rendered":"<div class=\"w-full border-b border-black\/10 dark:border-gray-900\/50 text-gray-800 dark:text-gray-100 group bg-gray-50 dark:bg-[#444654]\">\n<div class=\"text-base gap-4 md:gap-6 m-auto md:max-w-2xl lg:max-w-2xl xl:max-w-3xl p-4 md:py-6 flex lg:px-0\">\n<div class=\"relative flex w-[calc(100%-50px)] md:flex-col lg:w-[calc(100%-115px)]\">\n<div class=\"flex flex-grow flex-col gap-3\">\n<div class=\"min-h-[20px] flex flex-col items-start gap-4 whitespace-pre-wrap\">\n<div class=\"markdown prose w-full break-words dark:prose-invert light\">\n<p>La <strong>Lite Evo Twin Bag es la bolsa de herramientas<\/strong> ideal para organizar y facilitar el acceso a las peque\u00f1as herramientas que m\u00e1s necesita durante la jornada laboral.<\/p>\n<p>F\u00e1cil de sujetar al cintur\u00f3n con <strong>hebillas de liberaci\u00f3n r\u00e1pida<\/strong>, es pr\u00e1ctico y sencillo de usar. Fabricada en PES, un <strong>tejido muy resistente y a prueba de salpicaduras<\/strong>, es muy duradera y garantiza que las herramientas de trabajo est\u00e9n siempre bien protegidas.<\/p>\n<p>Con espacio para las herramientas esenciales, merece la pena tenerlo siempre cerca para estar preparado para cualquier tarea que pueda surgir.<\/p>\n<\/div>\n<\/div>\n<\/div>\n<\/div>\n<\/div>\n<\/div>\n<h2>Especificaciones de la Lite Evo Twin Bag<\/h2>\n<ul>\n<li><strong>Material:<\/strong> PES<\/li>\n<li><strong>Capacidad:<\/strong> ~2.5L<\/li>\n<li><strong>Dimensiones:<\/strong> 190 x 229mm<\/li>\n<li><strong>Peso: ~<\/strong>300g<\/li>\n<\/ul>\n<h3>Contextos de uso<\/h3>\n<ul>\n<li><a href=\"\/\">Andamios<\/a><\/li>\n<li>Arborismo<\/li>\n<li>Espacios confinados<\/li>\n<li>Plataformas de acceso<\/li>\n<li>Torres e\u00f3licas y de comunicaciones<\/li>\n<li>Rescate<\/li>\n<li>Offshore<\/li>\n<li>Construcci\u00f3n<\/li>\n<\/ul>\n","protected":false},"excerpt":{"rendered":"<p>La <strong>bolsa Lite Evo Twin<\/strong> es una soluci\u00f3n pr\u00e1ctica y compacta para guardar y transportar herramientas peque\u00f1as de uso diario. Las hebillas de cierre r\u00e1pido hacen que sea muy f\u00e1cil de usar.<\/p>\n","protected":false},"featured_media":16572,"comment_status":"open","ping_status":"closed","template":"","meta":[],"product_brand":[],"product_cat":[214,213],"product_tag":[223,224,225,227,228,231,234,233,232],"class_list":["post-16887","product","type-product","status-publish","has-post-thumbnail","product_cat-almacenamiento-y-transporte","product_cat-equipo-andamio-trabajos-verticales","product_tag-arborismo-es","product_tag-construccion","product_tag-espacios-confinados","product_tag-montagen-de-andamios","product_tag-offshore-es","product_tag-rescate","product_tag-torres-de-comunicacion","product_tag-torres-de-viento","product_tag-trabajos-de-techo","first","instock","taxable","shipping-taxable","purchasable","product-type-simple"],"yoast_head":"<!-- This site is optimized with the Yoast SEO plugin v28.0 - https:\/\/yoast.com\/product\/yoast-seo-wordpress\/ -->\n<title>Lite Evo Twin Bag | Malet\u00edn de herramientas<\/title>\n<meta name=\"description\" content=\"La bolsa Lite Evo Twin es una soluci\u00f3n pr\u00e1ctica y compacta para guardar y transportar herramientas peque\u00f1as de uso diario.\" \/>\n<meta name=\"robots\" content=\"index, follow, max-snippet:-1, max-image-preview:large, max-video-preview:-1\" \/>\n<link rel=\"canonical\" href=\"https:\/\/portaldosandaimes.com\/es\/producto\/lite-evo-twin-bag\/\" \/>\n<meta property=\"og:locale\" content=\"es_ES\" \/>\n<meta property=\"og:type\" content=\"article\" \/>\n<meta property=\"og:title\" content=\"Lite Evo Twin Bag | Malet\u00edn de herramientas\" \/>\n<meta property=\"og:description\" content=\"La bolsa Lite Evo Twin es una soluci\u00f3n pr\u00e1ctica y compacta para guardar y transportar herramientas peque\u00f1as de uso diario.\" \/>\n<meta property=\"og:url\" content=\"https:\/\/portaldosandaimes.com\/es\/producto\/lite-evo-twin-bag\/\" \/>\n<meta property=\"og:site_name\" content=\"Portal dos Andaimes\" \/>\n<meta property=\"article:publisher\" content=\"https:\/\/www.facebook.com\/portaldosandaimes\" \/>\n<meta property=\"og:image\" content=\"https:\/\/portaldosandaimes.com\/wp-content\/uploads\/2022\/12\/lite-evo-twin-bag-bolsa-porta-ferramentas-257x300.jpg\" \/>\n<meta name=\"twitter:card\" content=\"summary_large_image\" \/>\n<meta name=\"twitter:label1\" content=\"Tiempo de lectura\" \/>\n\t<meta name=\"twitter:data1\" content=\"1 minuto\" \/>\n<script type=\"application\/ld+json\" class=\"yoast-schema-graph\">{\"@context\":\"https:\\\/\\\/schema.org\",\"@graph\":[{\"@type\":\"WebPage\",\"@id\":\"https:\\\/\\\/portaldosandaimes.com\\\/es\\\/producto\\\/lite-evo-twin-bag\\\/\",\"url\":\"https:\\\/\\\/portaldosandaimes.com\\\/es\\\/producto\\\/lite-evo-twin-bag\\\/\",\"name\":\"Lite Evo Twin Bag | Malet\u00edn de herramientas\",\"isPartOf\":{\"@id\":\"https:\\\/\\\/portaldosandaimes.com\\\/es\\\/#website\"},\"primaryImageOfPage\":{\"@id\":\"https:\\\/\\\/portaldosandaimes.com\\\/es\\\/producto\\\/lite-evo-twin-bag\\\/#primaryimage\"},\"image\":{\"@id\":\"https:\\\/\\\/portaldosandaimes.com\\\/es\\\/producto\\\/lite-evo-twin-bag\\\/#primaryimage\"},\"thumbnailUrl\":\"https:\\\/\\\/portaldosandaimes.com\\\/wp-content\\\/uploads\\\/2022\\\/12\\\/lite-evo-twin-bag-bolsa-porta-ferramentas.webp\",\"datePublished\":\"2023-06-05T15:19:10+00:00\",\"description\":\"La bolsa Lite Evo Twin es una soluci\u00f3n pr\u00e1ctica y compacta para guardar y transportar herramientas peque\u00f1as de uso diario.\",\"breadcrumb\":{\"@id\":\"https:\\\/\\\/portaldosandaimes.com\\\/es\\\/producto\\\/lite-evo-twin-bag\\\/#breadcrumb\"},\"inLanguage\":\"es\",\"potentialAction\":[{\"@type\":\"ReadAction\",\"target\":[\"https:\\\/\\\/portaldosandaimes.com\\\/es\\\/producto\\\/lite-evo-twin-bag\\\/\"]}]},{\"@type\":\"ImageObject\",\"inLanguage\":\"es\",\"@id\":\"https:\\\/\\\/portaldosandaimes.com\\\/es\\\/producto\\\/lite-evo-twin-bag\\\/#primaryimage\",\"url\":\"https:\\\/\\\/portaldosandaimes.com\\\/wp-content\\\/uploads\\\/2022\\\/12\\\/lite-evo-twin-bag-bolsa-porta-ferramentas.webp\",\"contentUrl\":\"https:\\\/\\\/portaldosandaimes.com\\\/wp-content\\\/uploads\\\/2022\\\/12\\\/lite-evo-twin-bag-bolsa-porta-ferramentas.webp\",\"width\":1180,\"height\":1377,\"caption\":\"lite evo twin bag bolsa porta ferramentas\"},{\"@type\":\"BreadcrumbList\",\"@id\":\"https:\\\/\\\/portaldosandaimes.com\\\/es\\\/producto\\\/lite-evo-twin-bag\\\/#breadcrumb\",\"itemListElement\":[{\"@type\":\"ListItem\",\"position\":1,\"name\":\"In\u00edcio\",\"item\":\"https:\\\/\\\/portaldosandaimes.com\\\/es\\\/\"},{\"@type\":\"ListItem\",\"position\":2,\"name\":\"productos\",\"item\":\"https:\\\/\\\/portaldosandaimes.com\\\/es\\\/productos\\\/\"},{\"@type\":\"ListItem\",\"position\":3,\"name\":\"Lite Evo Twin Bag\"}]},{\"@type\":\"WebSite\",\"@id\":\"https:\\\/\\\/portaldosandaimes.com\\\/es\\\/#website\",\"url\":\"https:\\\/\\\/portaldosandaimes.com\\\/es\\\/\",\"name\":\"Portal dos andaimes\",\"description\":\"Espa\u00e7o dedicado ao mundo do andaimes e aos trabalhos em altura. Com muita informa\u00e7\u00e3o \u00fatil e loja online.\",\"publisher\":{\"@id\":\"https:\\\/\\\/portaldosandaimes.com\\\/es\\\/#organization\"},\"potentialAction\":[{\"@type\":\"SearchAction\",\"target\":{\"@type\":\"EntryPoint\",\"urlTemplate\":\"https:\\\/\\\/portaldosandaimes.com\\\/es\\\/?s={search_term_string}\"},\"query-input\":{\"@type\":\"PropertyValueSpecification\",\"valueRequired\":true,\"valueName\":\"search_term_string\"}}],\"inLanguage\":\"es\"},{\"@type\":\"Organization\",\"@id\":\"https:\\\/\\\/portaldosandaimes.com\\\/es\\\/#organization\",\"name\":\"Portal dos Andaimes\",\"url\":\"https:\\\/\\\/portaldosandaimes.com\\\/es\\\/\",\"logo\":{\"@type\":\"ImageObject\",\"inLanguage\":\"es\",\"@id\":\"https:\\\/\\\/portaldosandaimes.com\\\/es\\\/#\\\/schema\\\/logo\\\/image\\\/\",\"url\":\"https:\\\/\\\/portaldosandaimes.com\\\/wp-content\\\/uploads\\\/2021\\\/08\\\/portal-de-los-andamios.png\",\"contentUrl\":\"https:\\\/\\\/portaldosandaimes.com\\\/wp-content\\\/uploads\\\/2021\\\/08\\\/portal-de-los-andamios.png\",\"width\":162,\"height\":97,\"caption\":\"Portal dos Andaimes\"},\"image\":{\"@id\":\"https:\\\/\\\/portaldosandaimes.com\\\/es\\\/#\\\/schema\\\/logo\\\/image\\\/\"},\"sameAs\":[\"https:\\\/\\\/www.facebook.com\\\/portaldosandaimes\",\"https:\\\/\\\/www.linkedin.com\\\/company\\\/68306809\\\/\"]}]}<\/script>\n<!-- \/ Yoast SEO plugin. -->","yoast_head_json":{"title":"Lite Evo Twin Bag | Malet\u00edn de herramientas","description":"La bolsa Lite Evo Twin es una soluci\u00f3n pr\u00e1ctica y compacta para guardar y transportar herramientas peque\u00f1as de uso diario.","robots":{"index":"index","follow":"follow","max-snippet":"max-snippet:-1","max-image-preview":"max-image-preview:large","max-video-preview":"max-video-preview:-1"},"canonical":"https:\/\/portaldosandaimes.com\/es\/producto\/lite-evo-twin-bag\/","og_locale":"es_ES","og_type":"article","og_title":"Lite Evo Twin Bag | Malet\u00edn de herramientas","og_description":"La bolsa Lite Evo Twin es una soluci\u00f3n pr\u00e1ctica y compacta para guardar y transportar herramientas peque\u00f1as de uso diario.","og_url":"https:\/\/portaldosandaimes.com\/es\/producto\/lite-evo-twin-bag\/","og_site_name":"Portal dos Andaimes","article_publisher":"https:\/\/www.facebook.com\/portaldosandaimes","og_image":[{"url":"https:\/\/portaldosandaimes.com\/wp-content\/uploads\/2022\/12\/lite-evo-twin-bag-bolsa-porta-ferramentas-257x300.jpg","type":"","width":"","height":""}],"twitter_card":"summary_large_image","twitter_misc":{"Tiempo de lectura":"1 minuto"},"schema":{"@context":"https:\/\/schema.org","@graph":[{"@type":"WebPage","@id":"https:\/\/portaldosandaimes.com\/es\/producto\/lite-evo-twin-bag\/","url":"https:\/\/portaldosandaimes.com\/es\/producto\/lite-evo-twin-bag\/","name":"Lite Evo Twin Bag | Malet\u00edn de herramientas","isPartOf":{"@id":"https:\/\/portaldosandaimes.com\/es\/#website"},"primaryImageOfPage":{"@id":"https:\/\/portaldosandaimes.com\/es\/producto\/lite-evo-twin-bag\/#primaryimage"},"image":{"@id":"https:\/\/portaldosandaimes.com\/es\/producto\/lite-evo-twin-bag\/#primaryimage"},"thumbnailUrl":"https:\/\/portaldosandaimes.com\/wp-content\/uploads\/2022\/12\/lite-evo-twin-bag-bolsa-porta-ferramentas.webp","datePublished":"2023-06-05T15:19:10+00:00","description":"La bolsa Lite Evo Twin es una soluci\u00f3n pr\u00e1ctica y compacta para guardar y transportar herramientas peque\u00f1as de uso diario.","breadcrumb":{"@id":"https:\/\/portaldosandaimes.com\/es\/producto\/lite-evo-twin-bag\/#breadcrumb"},"inLanguage":"es","potentialAction":[{"@type":"ReadAction","target":["https:\/\/portaldosandaimes.com\/es\/producto\/lite-evo-twin-bag\/"]}]},{"@type":"ImageObject","inLanguage":"es","@id":"https:\/\/portaldosandaimes.com\/es\/producto\/lite-evo-twin-bag\/#primaryimage","url":"https:\/\/portaldosandaimes.com\/wp-content\/uploads\/2022\/12\/lite-evo-twin-bag-bolsa-porta-ferramentas.webp","contentUrl":"https:\/\/portaldosandaimes.com\/wp-content\/uploads\/2022\/12\/lite-evo-twin-bag-bolsa-porta-ferramentas.webp","width":1180,"height":1377,"caption":"lite evo twin bag bolsa porta ferramentas"},{"@type":"BreadcrumbList","@id":"https:\/\/portaldosandaimes.com\/es\/producto\/lite-evo-twin-bag\/#breadcrumb","itemListElement":[{"@type":"ListItem","position":1,"name":"In\u00edcio","item":"https:\/\/portaldosandaimes.com\/es\/"},{"@type":"ListItem","position":2,"name":"productos","item":"https:\/\/portaldosandaimes.com\/es\/productos\/"},{"@type":"ListItem","position":3,"name":"Lite Evo Twin Bag"}]},{"@type":"WebSite","@id":"https:\/\/portaldosandaimes.com\/es\/#website","url":"https:\/\/portaldosandaimes.com\/es\/","name":"Portal dos andaimes","description":"Espa\u00e7o dedicado ao mundo do andaimes e aos trabalhos em altura. Com muita informa\u00e7\u00e3o \u00fatil e loja online.","publisher":{"@id":"https:\/\/portaldosandaimes.com\/es\/#organization"},"potentialAction":[{"@type":"SearchAction","target":{"@type":"EntryPoint","urlTemplate":"https:\/\/portaldosandaimes.com\/es\/?s={search_term_string}"},"query-input":{"@type":"PropertyValueSpecification","valueRequired":true,"valueName":"search_term_string"}}],"inLanguage":"es"},{"@type":"Organization","@id":"https:\/\/portaldosandaimes.com\/es\/#organization","name":"Portal dos Andaimes","url":"https:\/\/portaldosandaimes.com\/es\/","logo":{"@type":"ImageObject","inLanguage":"es","@id":"https:\/\/portaldosandaimes.com\/es\/#\/schema\/logo\/image\/","url":"https:\/\/portaldosandaimes.com\/wp-content\/uploads\/2021\/08\/portal-de-los-andamios.png","contentUrl":"https:\/\/portaldosandaimes.com\/wp-content\/uploads\/2021\/08\/portal-de-los-andamios.png","width":162,"height":97,"caption":"Portal dos Andaimes"},"image":{"@id":"https:\/\/portaldosandaimes.com\/es\/#\/schema\/logo\/image\/"},"sameAs":["https:\/\/www.facebook.com\/portaldosandaimes","https:\/\/www.linkedin.com\/company\/68306809\/"]}]}},"_links":{"self":[{"href":"https:\/\/portaldosandaimes.com\/es\/wp-json\/wp\/v2\/product\/16887","targetHints":{"allow":["GET"]}}],"collection":[{"href":"https:\/\/portaldosandaimes.com\/es\/wp-json\/wp\/v2\/product"}],"about":[{"href":"https:\/\/portaldosandaimes.com\/es\/wp-json\/wp\/v2\/types\/product"}],"replies":[{"embeddable":true,"href":"https:\/\/portaldosandaimes.com\/es\/wp-json\/wp\/v2\/comments?post=16887"}],"wp:featuredmedia":[{"embeddable":true,"href":"https:\/\/portaldosandaimes.com\/es\/wp-json\/wp\/v2\/media\/16572"}],"wp:attachment":[{"href":"https:\/\/portaldosandaimes.com\/es\/wp-json\/wp\/v2\/media?parent=16887"}],"wp:term":[{"taxonomy":"product_brand","embeddable":true,"href":"https:\/\/portaldosandaimes.com\/es\/wp-json\/wp\/v2\/product_brand?post=16887"},{"taxonomy":"product_cat","embeddable":true,"href":"https:\/\/portaldosandaimes.com\/es\/wp-json\/wp\/v2\/product_cat?post=16887"},{"taxonomy":"product_tag","embeddable":true,"href":"https:\/\/portaldosandaimes.com\/es\/wp-json\/wp\/v2\/product_tag?post=16887"}],"curies":[{"name":"wp","href":"https:\/\/api.w.org\/{rel}","templated":true}]}}